{"id":5617,"date":"2021-05-16T19:30:23","date_gmt":"2021-05-16T18:30:23","guid":{"rendered":"http:\/\/ppkhok.elte.hu\/?page_id=5617"},"modified":"2021-05-16T21:09:12","modified_gmt":"2021-05-16T20:09:12","slug":"erzelmi-hullamvasut-covid-19-szubjektiven","status":"publish","type":"page","link":"https:\/\/ppkhok.elte.hu\/?page_id=5617","title":{"rendered":"\u00c9rzelmi HULL\u00c1Mvas\u00fat &#8211; COVID-19 szubjekt\u00edven"},"content":{"rendered":"\n<p class=\"wp-block-paragraph\">A COVID-19 lassan m\u00e1sf\u00e9l \u00e9ve vel\u00fcnk van, alapjaiban megv\u00e1ltoztatva mindennapi \u00e9s szoci\u00e1lis \u00e9let\u00fcnket. Egy biztos: k\u00f6nnyebb lenne n\u00e9lk\u00fcle. Viszont azt is mondhatjuk, hogy megtanultunk vele egy\u00fctt \u00e9lni. B\u00e1r visszagondolva kicsit \u00fagy t\u0171nhet, hogy <strong>a 2020-as \u00e9vet kirad\u00edrozt\u00e1k<\/strong> a napt\u00e1rb\u00f3l, az elfoly\u00f3 id\u0151 csak a l\u00e1tszat. Rengeteg dolog t\u00f6rt\u00e9nt tavaly m\u00e1rcius \u00f3ta, <strong>itt az ideje visszaeml\u00e9kezni<\/strong> kicsit. Le\u00edrom a tapasztalataimat \u00e9s \u00e9rz\u00e9seimet az elm\u00falt h\u00f3napokkal kapcsolatban, tal\u00e1n <strong>\u00faj n\u00e9z\u0151pontokat<\/strong> ismerhettek meg a t\u00f6rt\u00e9netemen kereszt\u00fcl.&nbsp;<\/p>\n\n\n\n<p class=\"wp-block-paragraph\">2019 december\u00e9ben, mikor el\u0151sz\u00f6r r\u00f6ppentek fel koronav\u00edrussal kapcsolatos h\u00edrek, bevallom, el\u00e9gg\u00e9 megijedtem. Nem voltam el\u00e9g t\u00e1j\u00e9kozott, nem tudtam mir\u0151l van sz\u00f3, r\u00e1ad\u00e1sul azzal sem voltam tiszt\u00e1ban hogy mennyire vesz\u00e9lyes ez r\u00e1nk n\u00e9zve. \u00c9rz\u00e9keltem, hogy a h\u00edrek egyre ink\u00e1bb ek\u00f6r\u00e9 csoportosultak, \u00e9s nem sokkal k\u00e9s\u0151bb elkezd\u0151d\u00f6tt az els\u0151 hull\u00e1m. Kezdetben (2-3 h\u00f3nappal k\u00e9s\u0151bb)<strong> az eg\u00e9sz t\u00e9ma t\u00e1volinak t\u0171nt.<\/strong> Eml\u00e9kszem arra a napra is amikor el\u0151sz\u00f6r hallottunk arr\u00f3l hogy m\u00e1r Magyarorsz\u00e1gon (pontosabban Budapesten) is tal\u00e1ltak fert\u0151z\u00f6tteket, 2 k\u00fclf\u00f6ldi egyetemist\u00e1t.<br>Ahogy az sejthet\u0151 volt, onnant\u00f3l kezdve egyre t\u00f6bben kapt\u00e1k el a fert\u0151z\u00e9st, ker\u00fcltek k\u00f3rh\u00e1zba, s\u0151t, sajnos sokan \u00e9let\u00fcket is vesztett\u00e9k a sz\u00f6v\u0151dm\u00e9nyek miatt. Ahogy egyre s\u00falyosabb lett a helyzet, \u00fagy folyamatosan \u00faj d\u00f6nt\u00e9seket kellett meghozni&nbsp; <strong>a k\u00f6z\u00f6ss\u00e9g \u00e9rdek\u00e9ben<\/strong>. Bez\u00e1rtak az oktat\u00e1si int\u00e9zm\u00e9nyek (egyik pillanatr\u00f3l a m\u00e1sikra). V\u00e1s\u00e1rl\u00e1si s\u00e1v lett kialak\u00edtva az id\u0151seknek, \u00e9s mindenkinek azt tan\u00e1csolt\u00e1k hogy maradjon otthon.&nbsp;<\/p>\n\n\n\n<div class=\"wp-block-image\"><figure class=\"aligncenter size-large is-resized\"><img loading=\"lazy\" decoding=\"async\" src=\"http:\/\/ppkhok.elte.hu\/wp-content\/uploads\/2021\/05\/get-welll.jpg\" alt=\"\" class=\"wp-image-5618\" width=\"502\" height=\"512\" srcset=\"https:\/\/ppkhok.elte.hu\/wp-content\/uploads\/2021\/05\/get-welll.jpg 778w, https:\/\/ppkhok.elte.hu\/wp-content\/uploads\/2021\/05\/get-welll-294x300.jpg 294w, https:\/\/ppkhok.elte.hu\/wp-content\/uploads\/2021\/05\/get-welll-768x785.jpg 768w, https:\/\/ppkhok.elte.hu\/wp-content\/uploads\/2021\/05\/get-welll-700x715.jpg 700w\" sizes=\"auto, (max-width: 502px) 100vw, 502px\" \/><figcaption>(Forr\u00e1s: pinterest)<\/figcaption><\/figure><\/div>\n\n\n\n<p class=\"wp-block-paragraph\">Tavaly tavasszal engem els\u0151sorban a k\u00fclf\u00f6ldi helyzet viselt meg. Olaszorsz\u00e1g k\u00fcl\u00f6n\u00f6sen kedves orsz\u00e1g a sz\u00edvemnek, <strong>nagyon sajn\u00e1ltam ami ott t\u00f6rt\u00e9nik, \u00e9s azt hogy \u2013 b\u00e1r szeretn\u00e9k &#8211;&nbsp; nem tudok seg\u00edteni.<\/strong> Abban a p\u00e1r h\u00e9tben m\u00e9g minden h\u00edrt elolvastam, minden este megn\u00e9ztem a h\u00edrad\u00f3t. Fontosnak \u00e9reztem hogy k\u00f6vessem az esem\u00e9nyeket. Akkor m\u00e9g nem lehetett tudni, mi lesz ebb\u0151l, ahogy azt sem, hogy meddig fog tartani. Mindenki rem\u00e9nykedett, hogy ny\u00e1ron m\u00e1r visszakaphatjuk a norm\u00e1lis \u00e9let\u00fcnket.&nbsp;Az\u00e9rt m\u00e1r itt is b\u0151ven voltak neh\u00e9zs\u00e9gek. Ezek f\u0151leg abb\u00f3l ad\u00f3dtak, <strong>hogy az emberek nagy r\u00e9sze nem akart otthon maradni.<\/strong> Persze voltak olyanok is, akik ezt nem tehett\u00e9k meg, mert valamib\u0151l meg is kellett \u00e9lni. Ez \u00e9rthet\u0151 indok, viszont \u00e9n az elej\u00e9t\u0151l kezdve azt gondoltam hogy ebben a helyzetben kicsit f\u00e9lre kell raknunk a saj\u00e1t szempontjainkat, \u00e9s prioriz\u00e1lni kell.<strong> Mi a fontosabb: \u00e9n vagy a k\u00f6z\u00f6ss\u00e9g?<\/strong> A v\u00e1lasz nem mindenkinek egy\u00e9rtelm\u0171, \u00e9s nem is fekete-feh\u00e9r. <strong>Bonyolult \u00e9s \u00f6sszetett k\u00e9rd\u00e9s, egy\u00e9ni szempontokkal. <\/strong>Mindenesetre az m\u00e1r az els\u0151 hull\u00e1m idej\u00e9n&nbsp; vil\u00e1goss\u00e1 v\u00e1lt, hogy ez nem 1-2 hetes id\u0151szak lesz, \u00e9s az is egy\u00e9rtelm\u0171nek l\u00e1tszott, hogy <strong>mindenkire sz\u00fcks\u00e9g lesz, k\u00f6z\u00f6sen tudunk v\u00e1ltoz\u00e1st el\u00e9rni.<br><\/strong>\u00c9n azt gondolom, hogy r\u00e1 lehet\u0151s\u00e9g\u00fcnk, hogy otthon maradjunk, akkor ez egy fontos \u00fcgy, ami\u00e9rt m\u00e1sok eg\u00e9szs\u00e9g\u00e9nek \u00e9rdek\u00e9ben cselekedn\u00fcnk kell. Az \u00e9n helyzetem egyszer\u0171 volt, nem volt munkahelyem, amit a pand\u00e9mia k\u00f6vetkezt\u00e9ben elvesz\u00edthettem volna, \u00e9s minden akad\u00e1ly n\u00e9lk\u00fcl otthon tudtam maradni. Ennek ellen\u00e9re tudom, hogy sokan nem voltak ilyen szerencs\u00e9s helyzetben. Sajnos rengetegen nem t\u00f6r\u0151dtek a szakemberek \u00e9s orvosok v\u00e9lem\u00e9ny\u00e9vel, \u00e9s nem maradtak otthon.<br>Nekem is volt t\u00f6bb olyan besz\u00e9lget\u00e9sem ami err\u0151l sz\u00f3lt, <strong>a felel\u0151ss\u00e9gv\u00e1llal\u00e1sr\u00f3l \u00e9s arr\u00f3l, hogy mi\u00e9rt kell m\u00e9rlegeln\u00fcnk m\u00e1sok \u00e9s saj\u00e1t \u00e9rdek\u00fcnkben.<\/strong> A bizonytalans\u00e1g \u00e9rthet\u0151, vil\u00e1gos hogy nem k\u00f6nny\u0171 lemondanunk az ig\u00e9nyeinkr\u0151l \u00e9s v\u00e1gyainkr\u00f3l. Viszont akkor m\u00e9g nem tudtunk elegend\u0151 inform\u00e1ci\u00f3t a v\u00edrusr\u00f3l ahhoz, hogy objekt\u00edven meg tudjunk hozni egy ilyen s\u00falyos d\u00f6nt\u00e9st. R\u00e1ad\u00e1sul tudjuk, hogy ha nem vagyunk szem\u00e9lyesen \u00e9rintettek, hajlamosabbak vagyunk kev\u00e9sb\u00e9 empatikuss\u00e1 v\u00e1lni. \u201eMinek otthon maradni, \u00e9n \u00fagysem fogom elkapni\u201d, <em>\u201eUgyan m\u00e1r, ez nem is vesz\u00e9lyes\u201d<\/em>, vagy <strong><em>\u201eAz influenz\u00e1ban t\u00f6bben meghalnak \u00e9vente, mint ebben, minek ennyire felf\u00fajni\u201d<\/em> &#8211;<\/strong> ilyesmiket lehetett hallani a m\u00e9dia \u00e1ltal \u00e9s egyes szem\u00e9lyekt\u0151l is.<\/p>\n\n\n\n<div class=\"wp-block-image\"><figure class=\"aligncenter size-large is-resized\"><img loading=\"lazy\" decoding=\"async\" src=\"http:\/\/ppkhok.elte.hu\/wp-content\/uploads\/2021\/05\/mamika-1024x665.jpg\" alt=\"\" class=\"wp-image-5619\" width=\"503\" height=\"326\" srcset=\"https:\/\/ppkhok.elte.hu\/wp-content\/uploads\/2021\/05\/mamika-1024x665.jpg 1024w, https:\/\/ppkhok.elte.hu\/wp-content\/uploads\/2021\/05\/mamika-300x195.jpg 300w, https:\/\/ppkhok.elte.hu\/wp-content\/uploads\/2021\/05\/mamika-768x498.jpg 768w, https:\/\/ppkhok.elte.hu\/wp-content\/uploads\/2021\/05\/mamika-700x454.jpg 700w, https:\/\/ppkhok.elte.hu\/wp-content\/uploads\/2021\/05\/mamika.jpg 1080w\" sizes=\"auto, (max-width: 503px) 100vw, 503px\" \/><figcaption>(Forr\u00e1s: @bigshottiedakamera)<\/figcaption><\/figure><\/div>\n\n\n\n<p class=\"wp-block-paragraph\">\u00c9s igen, nem szabad azt sem elfelejteni, hogy akkor itthon nem volt kezelhetetlen a helyzet, a t\u00f6bbi uni\u00f3s orsz\u00e1ghoz k\u00e9pest kevesebb fert\u0151z\u00f6tt volt,&nbsp; \u00e9s kevesebb hal\u00e1loz\u00e1s t\u00f6rt\u00e9nt Magyarorsz\u00e1gon. A m\u00e1sik oldalon viszont ott volt p\u00e9ld\u00e1ul Olaszorsz\u00e1g \u00e9s az Egyes\u00fclt \u00c1llamok, ahol egyre rosszabb\u00e1 v\u00e1lt a helyzet. Anyuk\u00e1m minden nap k\u00f6vette a k\u00fclf\u00f6ldi h\u00edreket, \u00edgy tiszt\u00e1ban voltam az \u0151 helyzet\u00fckkel is. \u0150szint\u00e9n sz\u00f3lva kicsit t\u00fals\u00e1gosan belemer\u00fcltem a t\u00e9m\u00e1ba, \u00e9s minden nap rengeteg cikket elolvastam. Ut\u00f3lag l\u00e1tom, hogy ez nem tett j\u00f3t. Ezt tan\u00e1csolom nektek is, ne fogyasszatok t\u00fal sok h\u00edrt egyszerre, tartsatok sz\u00fcnetet, <strong>sz\u00e1njatok arra is id\u0151t, hogy kicsit kiszakadjatok az aggaszt\u00f3 h\u00edrek vil\u00e1g\u00e1b\u00f3l. <\/strong>Persze fontos, hogy \u00e1ltaluk realiz\u00e1juk, hogy <strong>a probl\u00e9ma, ami miatt otthon vagyunk: val\u00f3s.<\/strong> Mindemellett egy szokatlan tavasz besz\u0171k\u00fclt lehet\u0151s\u00e9geinek marg\u00f3j\u00e1n nem eg\u00e9szs\u00e9ges, ha figyelm\u00fcnk besz\u0171k\u00fcl, \u00e9s minden a v\u00edrus k\u00f6r\u00fcl forog.<\/p>\n\n\n\n<p class=\"wp-block-paragraph\"><strong>Azt\u00e1n j\u00f6tt a ny\u00e1r.<\/strong> Kevesebb fert\u0151z\u00f6tt volt, visszanyert\u00fck a hit\u00fcket \u00e9s rem\u00e9nykedni kezdt\u00fcnk, hogy (tal\u00e1n) t\u00fal vagyunk a nehez\u00e9n. Az a p\u00e1r h\u00f3nap nekem is csod\u00e1san zajlott, bar\u00e1tokkal, \u00faj \u00e9lm\u00e9nyekkel, s\u0151t m\u00e9g Olaszorsz\u00e1gba is el tudtunk jutni a&nbsp; csal\u00e1ddal, szok\u00e1sos \u00e9ves nyaral\u00e1sunk keret\u00e9ben. Hozz\u00e1 kell tenni, hogy ez az\u00e9rt t\u00f6rt\u00e9nhetett \u00edgy , mert ahova ment\u00fcnk az egy annyira d\u00e9li \u00e9s eldugott kisv\u00e1ros volt, hogy szinte nincsenek is turist\u00e1k &#8211; ilyen k\u00f6r\u00fclm\u00e9nyek k\u00f6z\u00f6tt m\u00e9g kevesebb. Az eg\u00e9sz megy\u00e9ben 2 akt\u00edv esetr\u0151l tudtunk, \u00edgy viszonylag nyugodtan utaztunk el. K\u00e9ts\u00e9gek ink\u00e1bb az ut\u00f3lagos \u201ekarant\u00e9noz\u00e1s\u201d miatt voltak benn\u00fcnk,&nbsp; v\u00e9g\u00fcl szerencs\u00e9re minden a terveink szerint zajlott.<br>Mikor elj\u00f6tt a szeptember, izgatott voltam <strong>az egyetem kezdete<\/strong> miatt, \u00e9s arra sz\u00e1m\u00edtottam hogy jelenl\u00e9ti oktat\u00e1sban fogok tanulni. Ez 1-2 h\u00f3napig&nbsp; r\u00e9szben \u00edgy is volt, (nek\u00fcnk els\u0151\u00e9veseknek az elej\u00e9n hibrid oktat\u00e1st biztos\u00edtottak), azt\u00e1n a m\u00e1sodik hull\u00e1m kezdete miatt novemberre sajnos megint annyira komolly\u00e1 v\u00e1lt a helyzet, hogy be kellett z\u00e1rni az iskol\u00e1kat. S\u0151t, kij\u00e1r\u00e1si korl\u00e1toz\u00e1st vezettek be, nem lehetett gy\u00fclekezni, nem lehetett moziba, sz\u00ednh\u00e1zba menni. Nem mintha olyan ember lenn\u00e9k, akinek minden nap ki kell mozdulnia ahhoz hogy j\u00f3l \u00e9rezze mag\u00e1t, de hossz\u00fat\u00e1von zavart az hogy este 8 ut\u00e1n minden nap \u201ebe voltam z\u00e1rva\u201d. Emellett sajnos folyamatosan j\u00f6ttek a szomor\u00fa h\u00edrek a hal\u00e1lesetekr\u0151l, vagy arr\u00f3l, h\u00e1nyan vannak l\u00e9legeztet\u0151g\u00e9pen. <strong>\u00c9rthet\u0151 volt a sok korl\u00e1toz\u00f3 int\u00e9zked\u00e9s, emberek \u00e9lete volt a t\u00e9t.&nbsp;<\/strong><br><br>A harmadik hull\u00e1m m\u00e1r 2021-ben t\u0171nt fel, \u00e9s ez volt a legs\u00falyosabb, a fiatalokat is vesz\u00e9lyeztette. M\u00e9g mindig sok szorong\u00e1ssal j\u00e1rt n\u00e9zni \u00e9s olvasni a h\u00edreket, a helyzet fokozatosan romlott, <strong>viszont lehet\u0151s\u00e9g\u00fcnk ny\u00edlt a v\u00e9dekez\u00e9sre,&nbsp; mert id\u00e9n megjelent a koronav\u00edrus elleni vakcina, ingyenes \u00e9s \u00f6nk\u00e9ntes v\u00e9d\u0151olt\u00e1s. <br><\/strong>Jogosan mer\u00fcl fel mindenkiben a k\u00e9rd\u00e9s: Hogy lehet, hogy ilyen gyorsan k\u00e9sz\u00fclt el, mi van benne, val\u00f3j\u00e1ban lehet-e b\u00edzni benne? Mik lesznek a hossz\u00fa t\u00e1v\u00fa hat\u00e1sai? Ezek \u00e9rthet\u0151 k\u00e9telyek, de \u00e9n \u00fagy gondolom, ha van egy ilyen lehet\u0151s\u00e9g, akkor bizony \u00e9lni kell vele. B\u00edzni kell abban, hogy ez lehet a megold\u00e1s, nem maradhatunk \u00f6r\u00f6kk\u00e9 a n\u00e9gy fal k\u00f6z\u00f6tt.&nbsp;<\/p>\n\n\n\n<p class=\"wp-block-paragraph\">Mind tudjuk, hogy ez egy neh\u00e9z \u00e9s \u00e9rz\u00e9keny t\u00e9ma, \u00edgy fontos arra figyeln\u00fcnk, hogyan \u00e9s mik\u00e9nt kommunik\u00e1lunk m\u00e1sokkal err\u0151l. <strong>Nem tudhatjuk, kit hogyan \u00e9rint<\/strong>, ha \u00e9rvek n\u00e9lk\u00fcl pr\u00f3b\u00e1ljuk \u201cr\u00e1er\u0151ltetni\u201d v\u00e9lem\u00e9ny\u00fcnket m\u00e1sokra. Azt tan\u00e1csolom mindenkinek, <strong>megb\u00edzhat\u00f3 \u00e9s hiteles forr\u00e1sokb\u00f3l t\u00e1j\u00e9koz\u00f3djatok!<\/strong> Rengeteg cikket tal\u00e1lni a koronav\u00edrusr\u00f3l az \u00f6sszes ismert h\u00edrport\u00e1lon. Titeket is komolyabban fognak venni, ha \u00e1ll\u00edt\u00e1saitokat \u00e9rtelmesen \u00e9s okosan tudj\u00e1tok \u00e9rvekkel al\u00e1t\u00e1masztani. Nem utols\u00f3 szempont, hogy emiatt sz\u00e1mos \u00e9p\u00edt\u0151 besz\u00e9lget\u00e9snek lehettek a r\u00e9szei. Haszn\u00e1lj\u00e1tok ki, hogy napjainkban m\u00e1r t\u00f6bbet tudunk arr\u00f3l, ami egy \u00e9ve m\u00e9g t\u00e1voli volt!<\/p>\n\n\n\n<p class=\"wp-block-paragraph\"><strong>A j\u00f6v\u0151r\u0151l<\/strong><br>A val\u00f3s\u00e1g az, hogy m\u00e9g mindig van mit tanulni v\u00edrusr\u00f3l, \u00e9s a hat\u00e1sair\u00f3l, a helyzet javul\u00e1sa nem jelenti azt, hogy a v\u00e9dekez\u00e9s ideje lej\u00e1rt. A COVID-19 t\u00f6bbek k\u00f6z\u00f6tt csal\u00e1dok, v\u00e1llalkoz\u00e1sok \u00e9let\u00e9t nehez\u00edtette meg, nem szabad, hogy ez a k\u00fczdelem eredm\u00e9nytelen legyen. Szerintem fontos, hogy ebben a helyzetben felel\u0151ss\u00e9gteljesek legy\u00fcnk, hallgassunk a szakemberekre \u00e9s a f\u00e9lelmeinket h\u00e1tt\u00e9rbe szor\u00edtva oltassuk be magunkat &#8211; persze akkor, ha van erre lehet\u0151s\u00e9g\u00fcnk. Ha sokan be vannak oltva \u00e9s egy\u00fctt tesz\u00fcnk a j\u00f6v\u0151\u00e9rt, az pozit\u00edvan hat mindenkire, ami az al\u00e1bbi k\u00e9pen is t\u00fckr\u00f6z\u0151dik:&nbsp;<\/p>\n\n\n\n<div class=\"wp-block-image\"><figure class=\"aligncenter size-large is-resized\"><img loading=\"lazy\" decoding=\"async\" src=\"http:\/\/ppkhok.elte.hu\/wp-content\/uploads\/2021\/05\/dee.jpg\" alt=\"\" class=\"wp-image-5627\" width=\"536\" height=\"357\" srcset=\"https:\/\/ppkhok.elte.hu\/wp-content\/uploads\/2021\/05\/dee.jpg 500w, https:\/\/ppkhok.elte.hu\/wp-content\/uploads\/2021\/05\/dee-300x200.jpg 300w\" sizes=\"auto, (max-width: 536px) 100vw, 536px\" \/><figcaption>Forr\u00e1s: pinterest<\/figcaption><\/figure><\/div>\n\n\n\n<p class=\"has-text-align-right wp-block-paragraph\">T\u00f3th-Stella Zita<\/p>\n","protected":false},"excerpt":{"rendered":"<p>A COVID-19 lassan m\u00e1sf\u00e9l \u00e9ve vel\u00fcnk van, alapjaiban megv\u00e1ltoztatva mindennapi \u00e9s szoci\u00e1lis \u00e9let\u00fcnket. Egy biztos: k\u00f6nnyebb lenne n\u00e9lk\u00fcle. Viszont azt is mondhatjuk, hogy megtanultunk vele egy\u00fctt \u00e9lni. B\u00e1r visszagondolva kicsit \u00fagy t\u0171nhet, hogy a 2020-as \u00e9vet kirad\u00edrozt\u00e1k a napt\u00e1rb\u00f3l, az elfoly\u00f3 id\u0151 csak a l\u00e1tszat. Rengeteg dolog t\u00f6rt\u00e9nt tavaly m\u00e1rcius \u00f3ta, itt az ideje visszaeml\u00e9kezni &hellip; <\/p>\n","protected":false},"author":2,"featured_media":0,"parent":2008,"menu_order":0,"comment_status":"closed","ping_status":"closed","template":"","meta":{"footnotes":""},"class_list":["post-5617","page","type-page","status-publish","hentry"],"jetpack_sharing_enabled":true,"_links":{"self":[{"href":"https:\/\/ppkhok.elte.hu\/index.php?rest_route=\/wp\/v2\/pages\/5617","targetHints":{"allow":["GET"]}}],"collection":[{"href":"https:\/\/ppkhok.elte.hu\/index.php?rest_route=\/wp\/v2\/pages"}],"about":[{"href":"https:\/\/ppkhok.elte.hu\/index.php?rest_route=\/wp\/v2\/types\/page"}],"author":[{"embeddable":true,"href":"https:\/\/ppkhok.elte.hu\/index.php?rest_route=\/wp\/v2\/users\/2"}],"replies":[{"embeddable":true,"href":"https:\/\/ppkhok.elte.hu\/index.php?rest_route=%2Fwp%2Fv2%2Fcomments&post=5617"}],"version-history":[{"count":7,"href":"https:\/\/ppkhok.elte.hu\/index.php?rest_route=\/wp\/v2\/pages\/5617\/revisions"}],"predecessor-version":[{"id":5648,"href":"https:\/\/ppkhok.elte.hu\/index.php?rest_route=\/wp\/v2\/pages\/5617\/revisions\/5648"}],"up":[{"embeddable":true,"href":"https:\/\/ppkhok.elte.hu\/index.php?rest_route=\/wp\/v2\/pages\/2008"}],"wp:attachment":[{"href":"https:\/\/ppkhok.elte.hu\/index.php?rest_route=%2Fwp%2Fv2%2Fmedia&parent=5617"}],"curies":[{"name":"wp","href":"https:\/\/api.w.org\/{rel}","templated":true}]}}